{"id":1087,"date":"2020-10-23T13:34:34","date_gmt":"2020-10-23T11:34:34","guid":{"rendered":"https:\/\/www.gavias-theme.com\/wp\/ziston\/?page_id=1087"},"modified":"2023-05-13T00:28:28","modified_gmt":"2023-05-12T22:28:28","slug":"direct-news","status":"publish","type":"page","link":"https:\/\/info-des-communes.fr\/?page_id=1087","title":{"rendered":"DIRECT NEWS"},"content":{"rendered":"\t\t<div data-elementor-type=\"wp-page\" data-elementor-id=\"1087\" class=\"elementor elementor-1087\">\n\t\t\t\t\t\t<section class=\"elementor-section elementor-top-section elementor-element elementor-element-700b768 elementor-section-boxed elementor-section-height-default elementor-section-height-default row-top\" data-id=\"700b768\" data-element_type=\"section\" data-e-type=\"section\">\n\t\t\t\t\t\t<div class=\"elementor-container elementor-column-gap-default\">\n\t\t\t\t\t<div class=\"elementor-column elementor-col-100 elementor-top-column elementor-element elementor-element-d05e30d column-style-top\" data-id=\"d05e30d\" data-element_type=\"column\" data-e-type=\"column\">\n\t\t\t<div class=\"elementor-widget-wrap elementor-element-populated\">\n\t\t\t\t\t\t<div class=\"elementor-element elementor-element-1fd00f7 elementor-widget elementor-widget-gva-posts\" data-id=\"1fd00f7\" data-element_type=\"widget\" data-e-type=\"widget\" data-widget_type=\"gva-posts.default\">\n\t\t\t\t<div class=\"elementor-widget-container\">\n\t\t\t\t\t<div class=\"gva-element-gva-posts gva-element\">  \r\n  <div class=\"gva-posts-grid clearfix gva-posts\">\r\n      <div class=\"gva-content-items\"> \r\n        <div class=\"lg-block-grid-3 md-block-grid-3 sm-block-grid-2 xs-block-grid-1 xx-block-grid-1\">\r\n          \r\n<div class=\"all actualites  item-columns\">\r\n   <article id=\"post-527581\" class=\"post post-style-1 post-527581 type-post status-publish format-standard has-post-thumbnail hentry category-actualites\">\r\n      <div class=\"post-thumbnail\">\r\n         <a href=\"https:\/\/info-des-communes.fr\/?p=527581\">\r\n            <img fetchpriority=\"high\" decoding=\"async\" width=\"432\" height=\"243\" src=\"https:\/\/info-des-communes.fr\/wp-content\/uploads\/2026\/09\/6a96646ce068c640134340-eCKqEM.jpg\" class=\"attachment-ziston_medium size-ziston_medium wp-post-image\" alt=\"Crues dans l&rsquo;Himalaya\u00a0: le bilan d\u00e9passe les 1\u00a0000 morts au N\u00e9pal et en Chine, plus de 4\u00a0000 personnes port\u00e9es disparues\" \/>         <\/a>\r\n      <\/div>   \r\n\r\n      <div class=\"entry-content\">\r\n         <div class=\"entry-meta\">\r\n            \r\n    <div class=\"clearfix meta-inline\"><span class=\"author vcard\"><i class=\"far fa-user-circle\"><\/i>par&nbsp;Joel Guened<\/span><\/div><div class=\"entry-date\"><span class=\"day\">01<\/span><span class=\"month\">Sep<\/span><\/div>         <\/div> \r\n         <div class=\"content-inner\">\r\n            <h2 class=\"entry-title\"><a href=\"https:\/\/info-des-communes.fr\/?p=527581\" rel=\"bookmark\">Crues dans l&rsquo;Himalaya\u00a0: le bilan d\u00e9passe les 1\u00a0000 morts au N\u00e9pal et en Chine, plus de 4\u00a0000 personnes port\u00e9es disparues<\/a><\/h2>\r\n                           <div class=\"entry-description\">Le minist\u00e8re n\u00e9palais de l&rsquo;Int\u00e9rieur a affirm\u00e9 que plus de 20 000 hommes \u00e9taient mobilis\u00e9s pour continuer de chercher des survivants.<\/div>\r\n                     <\/div>\r\n      <\/div>\r\n   <\/article>   \r\n<\/div>\r\n\r\n  \r\n<div class=\"all actualites  item-columns\">\r\n   <article id=\"post-527579\" class=\"post post-style-1 post-527579 type-post status-publish format-standard has-post-thumbnail hentry category-actualites\">\r\n      <div class=\"post-thumbnail\">\r\n         <a href=\"https:\/\/info-des-communes.fr\/?p=527579\">\r\n            <img decoding=\"async\" width=\"432\" height=\"243\" src=\"https:\/\/info-des-communes.fr\/wp-content\/uploads\/2026\/09\/6a965ae37d0eb915432123-gfR3Fu.jpg\" class=\"attachment-ziston_medium size-ziston_medium wp-post-image\" alt=\"\u00ab\u00a0Je vous demande de vous arr\u00eater\u00a0\u00bb\u00a0: comment la phrase d&rsquo;Edouard Balladur est devenue culte\" \/>         <\/a>\r\n      <\/div>   \r\n\r\n      <div class=\"entry-content\">\r\n         <div class=\"entry-meta\">\r\n            \r\n    <div class=\"clearfix meta-inline\"><span class=\"author vcard\"><i class=\"far fa-user-circle\"><\/i>par&nbsp;Joel Guened<\/span><\/div><div class=\"entry-date\"><span class=\"day\">01<\/span><span class=\"month\">Sep<\/span><\/div>         <\/div> \r\n         <div class=\"content-inner\">\r\n            <h2 class=\"entry-title\"><a href=\"https:\/\/info-des-communes.fr\/?p=527579\" rel=\"bookmark\">\u00ab\u00a0Je vous demande de vous arr\u00eater\u00a0\u00bb\u00a0: comment la phrase d&rsquo;Edouard Balladur est devenue culte<\/a><\/h2>\r\n                           <div class=\"entry-description\">Le 23 avril 1995, Edouard Balladur lance deux fois cette phrase \u00e0 ses militants qui le huent. Trente ans apr\u00e8s, l&rsquo;expression est rest\u00e9e et est m\u00eame rentr\u00e9e dans le quotidien<\/div>\r\n                     <\/div>\r\n      <\/div>\r\n   <\/article>   \r\n<\/div>\r\n\r\n  \r\n<div class=\"all actualites  item-columns\">\r\n   <article id=\"post-527575\" class=\"post post-style-1 post-527575 type-post status-publish format-standard has-post-thumbnail hentry category-actualites\">\r\n      <div class=\"post-thumbnail\">\r\n         <a href=\"https:\/\/info-des-communes.fr\/?p=527575\">\r\n            <img decoding=\"async\" width=\"432\" height=\"243\" src=\"https:\/\/info-des-communes.fr\/wp-content\/uploads\/2026\/09\/6a965190d8941966999753-XeERLc.jpg\" class=\"attachment-ziston_medium size-ziston_medium wp-post-image\" alt=\"Un ancien membre d&rsquo;un gang de Los Angeles reconnu coupable du meurtre de la l\u00e9gende du rap Tupac Shakur, trente ans apr\u00e8s sa mort\" \/>         <\/a>\r\n      <\/div>   \r\n\r\n      <div class=\"entry-content\">\r\n         <div class=\"entry-meta\">\r\n            \r\n    <div class=\"clearfix meta-inline\"><span class=\"author vcard\"><i class=\"far fa-user-circle\"><\/i>par&nbsp;Joel Guened<\/span><\/div><div class=\"entry-date\"><span class=\"day\">01<\/span><span class=\"month\">Sep<\/span><\/div>         <\/div> \r\n         <div class=\"content-inner\">\r\n            <h2 class=\"entry-title\"><a href=\"https:\/\/info-des-communes.fr\/?p=527575\" rel=\"bookmark\">Un ancien membre d&rsquo;un gang de Los Angeles reconnu coupable du meurtre de la l\u00e9gende du rap Tupac Shakur, trente ans apr\u00e8s sa mort<\/a><\/h2>\r\n                           <div class=\"entry-description\">Le prononc\u00e9 de la peine aura lieu le 13 octobre prochain. Duane Davis a d\u00e9clar\u00e9 dans la salle d&rsquo;audience vouloir faire appel de la d\u00e9cision.<\/div>\r\n                     <\/div>\r\n      <\/div>\r\n   <\/article>   \r\n<\/div>\r\n\r\n  \r\n<div class=\"all actualites  item-columns\">\r\n   <article id=\"post-527569\" class=\"post post-style-1 post-527569 type-post status-publish format-standard has-post-thumbnail hentry category-actualites\">\r\n      <div class=\"post-thumbnail\">\r\n         <a href=\"https:\/\/info-des-communes.fr\/?p=527569\">\r\n            <img loading=\"lazy\" decoding=\"async\" width=\"432\" height=\"243\" src=\"https:\/\/info-des-communes.fr\/wp-content\/uploads\/2026\/09\/6a95ee600378e881543293-KOly09.jpg\" class=\"attachment-ziston_medium size-ziston_medium wp-post-image\" alt=\"Georges Pompidou, Fran\u00e7ais Mitterrand, Jacques Chirac\u2026 La carri\u00e8re politique d&rsquo;Edouard Balladur en photos\" \/>         <\/a>\r\n      <\/div>   \r\n\r\n      <div class=\"entry-content\">\r\n         <div class=\"entry-meta\">\r\n            \r\n    <div class=\"clearfix meta-inline\"><span class=\"author vcard\"><i class=\"far fa-user-circle\"><\/i>par&nbsp;Joel Guened<\/span><\/div><div class=\"entry-date\"><span class=\"day\">01<\/span><span class=\"month\">Sep<\/span><\/div>         <\/div> \r\n         <div class=\"content-inner\">\r\n            <h2 class=\"entry-title\"><a href=\"https:\/\/info-des-communes.fr\/?p=527569\" rel=\"bookmark\">Georges Pompidou, Fran\u00e7ais Mitterrand, Jacques Chirac\u2026 La carri\u00e8re politique d&rsquo;Edouard Balladur en photos<\/a><\/h2>\r\n                           <div class=\"entry-description\">Celui qui fut le dernier Premier ministre de Fran\u00e7ois Mitterrand de mars 1993 \u00e0 mai 1995 a marqu\u00e9 durablement la vie politique fran\u00e7aise, avant de s&rsquo;\u00e9teindre lundi \u00e0 97 ans.<\/div>\r\n                     <\/div>\r\n      <\/div>\r\n   <\/article>   \r\n<\/div>\r\n\r\n  \r\n<div class=\"all actualites  item-columns\">\r\n   <article id=\"post-527573\" class=\"post post-style-1 post-527573 type-post status-publish format-standard has-post-thumbnail hentry category-actualites\">\r\n      <div class=\"post-thumbnail\">\r\n         <a href=\"https:\/\/info-des-communes.fr\/?p=527573\">\r\n            <img loading=\"lazy\" decoding=\"async\" width=\"432\" height=\"243\" src=\"https:\/\/info-des-communes.fr\/wp-content\/uploads\/2026\/09\/6a95adbb3ad0c745287019-zLn13Z.jpg\" class=\"attachment-ziston_medium size-ziston_medium wp-post-image\" alt=\"\u00ab\u00a0L&rsquo;\u00e9quation gazi\u00e8re va se tendre au long de l&rsquo;hiver\u00a0\u00bb\u00a0: pourquoi votre facture de gaz risque de flamber dans les prochains mois\" \/>         <\/a>\r\n      <\/div>   \r\n\r\n      <div class=\"entry-content\">\r\n         <div class=\"entry-meta\">\r\n            \r\n    <div class=\"clearfix meta-inline\"><span class=\"author vcard\"><i class=\"far fa-user-circle\"><\/i>par&nbsp;Joel Guened<\/span><\/div><div class=\"entry-date\"><span class=\"day\">01<\/span><span class=\"month\">Sep<\/span><\/div>         <\/div> \r\n         <div class=\"content-inner\">\r\n            <h2 class=\"entry-title\"><a href=\"https:\/\/info-des-communes.fr\/?p=527573\" rel=\"bookmark\">\u00ab\u00a0L&rsquo;\u00e9quation gazi\u00e8re va se tendre au long de l&rsquo;hiver\u00a0\u00bb\u00a0: pourquoi votre facture de gaz risque de flamber dans les prochains mois<\/a><\/h2>\r\n                           <div class=\"entry-description\">Les six millions de foyers b\u00e9n\u00e9ficiant de tarifs index\u00e9s, dont les prix varient chaque fois, sont soumis aux soubresauts de la situation au Moyen-Orient.<\/div>\r\n                     <\/div>\r\n      <\/div>\r\n   <\/article>   \r\n<\/div>\r\n\r\n  \r\n<div class=\"all actualites  item-columns\">\r\n   <article id=\"post-527577\" class=\"post post-style-1 post-527577 type-post status-publish format-standard has-post-thumbnail hentry category-actualites\">\r\n      <div class=\"post-thumbnail\">\r\n         <a href=\"https:\/\/info-des-communes.fr\/?p=527577\">\r\n            <img loading=\"lazy\" decoding=\"async\" width=\"432\" height=\"243\" src=\"https:\/\/info-des-communes.fr\/wp-content\/uploads\/2026\/09\/6a95a0c8a3c4d481703730-QqcaAq.jpg\" class=\"attachment-ziston_medium size-ziston_medium wp-post-image\" alt=\"\u00ab\u00a0Absolument pas cr\u00e9dible juridiquement\u00a0\u00bb\u00a0: le RN peut-il vraiment interdire le port du voile dans l&rsquo;espace public ?\" \/>         <\/a>\r\n      <\/div>   \r\n\r\n      <div class=\"entry-content\">\r\n         <div class=\"entry-meta\">\r\n            \r\n    <div class=\"clearfix meta-inline\"><span class=\"author vcard\"><i class=\"far fa-user-circle\"><\/i>par&nbsp;Joel Guened<\/span><\/div><div class=\"entry-date\"><span class=\"day\">01<\/span><span class=\"month\">Sep<\/span><\/div>         <\/div> \r\n         <div class=\"content-inner\">\r\n            <h2 class=\"entry-title\"><a href=\"https:\/\/info-des-communes.fr\/?p=527577\" rel=\"bookmark\">\u00ab\u00a0Absolument pas cr\u00e9dible juridiquement\u00a0\u00bb\u00a0: le RN peut-il vraiment interdire le port du voile dans l&rsquo;espace public ?<\/a><\/h2>\r\n                           <div class=\"entry-description\">Le d\u00e9put\u00e9 Jean-Philippe Tanguy a affirm\u00e9 dimanche que son parti comptait interdire le port du voile dans l&rsquo;espace public. Selon les sp\u00e9cialistes du droit public, la mesure serait sans nul<\/div>\r\n                     <\/div>\r\n      <\/div>\r\n   <\/article>   \r\n<\/div>\r\n\r\n          <\/div>\r\n      <\/div>\r\n        <\/div>\r\n  <\/div>\t\t\t\t<\/div>\n\t\t\t\t<\/div>\n\t\t\t\t\t<\/div>\n\t\t<\/div>\n\t\t\t\t\t<\/div>\n\t\t<\/section>\n\t\t\t\t<\/div>\n\t\t","protected":false},"excerpt":{"rendered":"<p>by&nbsp;admin0 comments03Sep Top 8 Amazing Places to Stay in Canada Lorem ipsum dolor sit amet, cibo mundi ea duo, vim exerci phaedrum. by&nbsp;admin0 comments03Sep Attract and retain quality high paying [&hellip;]<\/p>\n","protected":false},"author":1,"featured_media":0,"parent":0,"menu_order":0,"comment_status":"closed","ping_status":"closed","template":"","meta":{"footnotes":""},"class_list":["post-1087","page","type-page","status-publish","hentry"],"_links":{"self":[{"href":"https:\/\/info-des-communes.fr\/index.php?rest_route=\/wp\/v2\/pages\/1087","targetHints":{"allow":["GET"]}}],"collection":[{"href":"https:\/\/info-des-communes.fr\/index.php?rest_route=\/wp\/v2\/pages"}],"about":[{"href":"https:\/\/info-des-communes.fr\/index.php?rest_route=\/wp\/v2\/types\/page"}],"author":[{"embeddable":true,"href":"https:\/\/info-des-communes.fr\/index.php?rest_route=\/wp\/v2\/users\/1"}],"replies":[{"embeddable":true,"href":"https:\/\/info-des-communes.fr\/index.php?rest_route=%2Fwp%2Fv2%2Fcomments&post=1087"}],"version-history":[{"count":0,"href":"https:\/\/info-des-communes.fr\/index.php?rest_route=\/wp\/v2\/pages\/1087\/revisions"}],"wp:attachment":[{"href":"https:\/\/info-des-communes.fr\/index.php?rest_route=%2Fwp%2Fv2%2Fmedia&parent=1087"}],"curies":[{"name":"wp","href":"https:\/\/api.w.org\/{rel}","templated":true}]}}